{"id":1754,"date":"2016-05-12T14:13:32","date_gmt":"2016-05-12T13:13:32","guid":{"rendered":"http:\/\/www.labellemontoise.com\/?page_id=1754"},"modified":"2025-09-04T21:40:27","modified_gmt":"2025-09-04T20:40:27","slug":"les-services","status":"publish","type":"page","link":"https:\/\/www.labellemontoise.com\/index.php\/les-services\/","title":{"rendered":"NOS VALEURS"},"content":{"rendered":"\n<figure class=\"wp-block-image size-full\"><img loading=\"lazy\" decoding=\"async\" width=\"549\" height=\"396\" src=\"https:\/\/www.labellemontoise.com\/wp-content\/uploads\/2016\/05\/Capture-d\u2019\u00e9cran-2025-06-23-143400.png\" alt=\"\" class=\"wp-image-2973\" srcset=\"https:\/\/www.labellemontoise.com\/wp-content\/uploads\/2016\/05\/Capture-d\u2019\u00e9cran-2025-06-23-143400.png 549w, https:\/\/www.labellemontoise.com\/wp-content\/uploads\/2016\/05\/Capture-d\u2019\u00e9cran-2025-06-23-143400-300x216.png 300w\" sizes=\"auto, (max-width: 549px) 100vw, 549px\" \/><\/figure>\n\n\n\n<h2 class=\"wp-block-heading has-text-align-center\">A votre \u00e9coute, pour vous satisfaire.<\/h2>\n\n\n\n<hr class=\"wp-block-separator has-alpha-channel-opacity\"\/>\n\n\n\n<p class=\"has-text-align-left has-large-font-size\"><strong>Une r\u00e9putation b\u00e2tie avec c\u0153ur<\/strong><\/p>\n\n\n\n<p class=\"has-text-align-left\">Ce changement de cap est n\u00e9 d\u2019une envie simple : r<strong>endre notre cuisine plus accessible,<\/strong> sans perdre notre \u00e2me. Ce que nous avons<br>construit depuis 10 ans, nous le portons avec fiert\u00e9. Vos retours, vos encouragements, vos recommandations nous ont men\u00e9s jusqu\u2019ici.<br>Merci \u00e0 vous, qui nous avez plac\u00e9s dans le <strong>Top 5 des restaurants du Tarn-et-Garonne<\/strong>. C\u2019est pour vous \u2013 et avec vous \u2013 que nous<br>continuons d\u2019innover.<\/p>\n\n\n\n<figure class=\"wp-block-image size-large\"><img loading=\"lazy\" decoding=\"async\" width=\"819\" height=\"1024\" src=\"https:\/\/www.labellemontoise.com\/wp-content\/uploads\/2016\/05\/Post-Instagram-Valeurs-Entreprise-Moderne-Minimaliste-Gris-Vert-819x1024.png\" alt=\"\" class=\"wp-image-2971\" srcset=\"https:\/\/www.labellemontoise.com\/wp-content\/uploads\/2016\/05\/Post-Instagram-Valeurs-Entreprise-Moderne-Minimaliste-Gris-Vert-819x1024.png 819w, https:\/\/www.labellemontoise.com\/wp-content\/uploads\/2016\/05\/Post-Instagram-Valeurs-Entreprise-Moderne-Minimaliste-Gris-Vert-240x300.png 240w, https:\/\/www.labellemontoise.com\/wp-content\/uploads\/2016\/05\/Post-Instagram-Valeurs-Entreprise-Moderne-Minimaliste-Gris-Vert-768x960.png 768w, https:\/\/www.labellemontoise.com\/wp-content\/uploads\/2016\/05\/Post-Instagram-Valeurs-Entreprise-Moderne-Minimaliste-Gris-Vert.png 1080w\" sizes=\"auto, (max-width: 819px) 100vw, 819px\" \/><\/figure>\n\n\n\n<p class=\"has-text-align-left\"><\/p>\n\n\n\n<p><\/p>\n","protected":false},"excerpt":{"rendered":"<p>A votre \u00e9coute, pour vous satisfaire. Une r\u00e9putation b\u00e2tie avec c\u0153ur Ce changement de cap est n\u00e9 d\u2019une envie simple : rendre notre cuisine plus accessible, sans perdre notre \u00e2me. Ce que nous avonsconstruit depuis 10 ans, nous le portons avec fiert\u00e9. Vos retours, vos encouragements, vos recommandations nous ont men\u00e9s jusqu\u2019ici.Merci \u00e0 vous, qui [&hellip;]<\/p>\n","protected":false},"author":1,"featured_media":0,"parent":0,"menu_order":0,"comment_status":"closed","ping_status":"closed","template":"","meta":{"footnotes":""},"class_list":["post-1754","page","type-page","status-publish","hentry"],"_links":{"self":[{"href":"https:\/\/www.labellemontoise.com\/index.php\/wp-json\/wp\/v2\/pages\/1754","targetHints":{"allow":["GET"]}}],"collection":[{"href":"https:\/\/www.labellemontoise.com\/index.php\/wp-json\/wp\/v2\/pages"}],"about":[{"href":"https:\/\/www.labellemontoise.com\/index.php\/wp-json\/wp\/v2\/types\/page"}],"author":[{"embeddable":true,"href":"https:\/\/www.labellemontoise.com\/index.php\/wp-json\/wp\/v2\/users\/1"}],"replies":[{"embeddable":true,"href":"https:\/\/www.labellemontoise.com\/index.php\/wp-json\/wp\/v2\/comments?post=1754"}],"version-history":[{"count":36,"href":"https:\/\/www.labellemontoise.com\/index.php\/wp-json\/wp\/v2\/pages\/1754\/revisions"}],"predecessor-version":[{"id":3048,"href":"https:\/\/www.labellemontoise.com\/index.php\/wp-json\/wp\/v2\/pages\/1754\/revisions\/3048"}],"wp:attachment":[{"href":"https:\/\/www.labellemontoise.com\/index.php\/wp-json\/wp\/v2\/media?parent=1754"}],"curies":[{"name":"wp","href":"https:\/\/api.w.org\/{rel}","templated":true}]}}